{"id":7,"date":"2018-09-26T06:15:24","date_gmt":"2018-09-26T04:15:24","guid":{"rendered":"https:\/\/clownseidank.de\/?page_id=7"},"modified":"2024-12-24T10:15:40","modified_gmt":"2024-12-24T09:15:40","slug":"leselustig","status":"publish","type":"page","link":"https:\/\/clownseidank.de\/index.php\/leselustig\/","title":{"rendered":""},"content":{"rendered":"\n<h1 class=\"wp-block-heading\"><span style=\"color: #800080;\"><strong>Der B\u00fccherCl<span style=\"color: #ff0000;\">o<\/span>wn &#8211;<br>\nEine Reise in die Welt der B\u00fccher <\/strong><\/span><\/h1>\n\n\n\n<p><span style=\"color: #800080;\"><\/span><\/p>\n\n\n\n<figure class=\"wp-block-image aligncenter size-large is-resized\"><img decoding=\"async\" loading=\"lazy\" src=\"https:\/\/clownseidank.de\/wp-content\/uploads\/2019\/08\/a_1112_0930_c_MartinRemmers-e1572724580199-1024x848.jpg\" alt=\"\" class=\"wp-image-878\" width=\"420\" height=\"348\" srcset=\"https:\/\/clownseidank.de\/wp-content\/uploads\/2019\/08\/a_1112_0930_c_MartinRemmers-e1572724580199-1024x848.jpg 1024w, https:\/\/clownseidank.de\/wp-content\/uploads\/2019\/08\/a_1112_0930_c_MartinRemmers-e1572724580199-300x248.jpg 300w, https:\/\/clownseidank.de\/wp-content\/uploads\/2019\/08\/a_1112_0930_c_MartinRemmers-e1572724580199-768x636.jpg 768w\" sizes=\"(max-width: 420px) 100vw, 420px\" \/><\/figure>\n\n\n\n<h4 class=\"wp-block-heading\"><span style=\"color: #800080;\">Komm mit mir, dem B\u00fccherCl<span style=\"color: #ff0000;\">o<\/span>wn Armin auf eine lustige und spannende Reise in die Welt der B\u00fccher. <\/span><\/h4>\n\n\n\n<p class=\"has-text-align-center\"><span style=\"color: #800080;\">gro\u00df und KLEIN sind eingeladen dabei zu sein,<br> wenn ich farbenfrohe, wohlriechende, k\u00f6stliche, musikalische, tierreiche und traumhafte Buchseiten<br> mit viel Lachen, Tanzen und Singen \u00f6ffne. <\/span><\/p>\n\n\n\n<h4 class=\"wp-block-heading\"><span style=\"color: #800080;\">Sei dabei, wenn der B\u00fccherCl<span style=\"color: #ff0000;\">o<\/span>wn seine Lieblingsbilderb\u00fccher lebendig werden l\u00e4sst.<\/span><\/h4>\n\n\n\n<p class=\"has-text-align-center\"><span style=\"color: #800080;\">Ich lasse schon die Kleinsten Bilderb\u00fccher erleben und sie erfahren, welch ein wundervoller Zauber in B\u00fcchern steckt.<br> Einf\u00fchlsam werden die Zuh\u00f6rer ein Teil der Geschichte und aktiv mit in die Handlung einbezogen. <\/span><\/p>\n\n\n\n<figure class=\"wp-block-image size-full\"><img decoding=\"async\" loading=\"lazy\" width=\"632\" height=\"513\" src=\"https:\/\/clownseidank.de\/wp-content\/uploads\/2023\/05\/BuecherClownZeichnung.png\" alt=\"\" class=\"wp-image-1744\" srcset=\"https:\/\/clownseidank.de\/wp-content\/uploads\/2023\/05\/BuecherClownZeichnung.png 632w, https:\/\/clownseidank.de\/wp-content\/uploads\/2023\/05\/BuecherClownZeichnung-300x244.png 300w\" sizes=\"(max-width: 632px) 100vw, 632px\" \/><\/figure>\n\n\n\n<h4 class=\"wp-block-heading\"><span style=\"color: #800080;\">Als B\u00fccherCl<span style=\"color: #ff0000;\">o<\/span>wn lebe und spiele ich meine Leidenschaft f\u00fcr B\u00fccher und Geschichten.&nbsp;<\/span><\/h4>\n\n\n\n<p class=\"has-text-align-center\"><span style=\"color: #800080;\">In meinen Lesungen verbinde ich meine Erfahrungen als alleinerziehender Vater und meine Ausbildungen als Buchh\u00e4ndler und Cl<span style=\"color: #ff0000;\">o<\/span>wn<br> und stecke Kinder und Erwachsene mit meiner Buchbegeisterung an.<\/span><\/p>\n\n\n\n<p class=\"has-text-align-center\"><span style=\"color: #800080;\">Der B\u00fccherCl<span style=\"color: #ff0000;\">o<\/span>wn liest und spielt <em>\u00fcberall<\/em>, <\/span><br><span style=\"color: #800080;\">in Kitas, Krippen, Kinderg\u00e4rten, auf Festen und Feiern aller Art,<br> in Bibliotheken, B\u00fcchereien, Buchhandlungen und <\/span><br><span style=\"color: #800080;\">auch bei Dir daheim.<br> Ganz individuell.<br> <\/span><\/p>\n\n\n\n<p class=\"has-text-align-center\"><span style=\"color: #800080;\"><strong><span style=\"color: #800080;\">OOO<\/span>HHH, WIE SCH\u00d6\u00d6\u00d6\u00d6N!!!<\/strong><\/span><br> <span style=\"color: #800080;\"><strong>DER B\u00dcCHERCL<span style=\"color: #ff0000;\">O<\/span>WN BEI DIR DAHEIM<\/strong><\/span><\/p>\n\n\n\n<p class=\"has-text-align-center\"><span style=\"color: #800080;\">Du suchst etwas Besonderes f\u00fcr Deine Kinder?<\/span><br>\n<span style=\"color: #800080;\">Eine Aufheiterung, einen etwas anderen Babysitter? <\/span><br>\n<span style=\"color: #800080;\">Eine etwas ausgefallene Lesung voller Freude, Spa\u00df und Lachen?<\/span><br>\n<span style=\"color: #800080;\">Oder m\u00f6chtest einfach nur den B\u00fccherCl<span style=\"color: #ff0000;\">o<\/span>wn mal wiedersehen?<\/span><\/p>\n\n\n\n<p class=\"has-text-align-center\"><span style=\"color: #800080;\"> <\/span><br> <span style=\"color: #800080;\">Einfach einen Termin ausmachen und der B\u00fccherCl<span style=\"color: #ff0000;\">o<\/span>wn <\/span><br><span style=\"color: #800080;\">kommt zu Dir und Euch&nbsp; ins Haus.<\/span><\/p>\n\n\n\n<p class=\"has-text-align-center\"><span style=\"color: #800080;\">Nur f\u00fcr ein Kind, oder auch mehrere, zum Beispiel als Bonbon f\u00fcr eine  Geburtstagsparty, als \u00dcberraschungsgast oder oder oder&#8230;<\/span><br> <span style=\"color: #800080;\">Der B\u00fccherCl<span style=\"color: #ff0000;\">o<\/span>wn ist f\u00fcr alles offen und freut sich \u00fcber Eure Ideen und W\u00fcnsche, die wir dann gemeinsam umsetzen.<br> <\/span><\/p>\n\n\n\n<p class=\"has-text-align-center\"><span style=\"color: #800080;\"><em><strong>Kommt mit mir in die wundervolle Welt der B\u00fccher und Geschichten!<\/strong><\/em><br> <\/span><\/p>\n\n\n\n<p class=\"has-text-align-center\"><span style=\"color: #800080;\"><strong>Einfach anrufen unter 0170 57 64 332 <\/strong><\/span><br>\n<span style=\"color: #800080;\"><strong>oder eine Mail an <a style=\"color: #800080;\" href=\"mailto:mail@clownseidank.de\" target=\"_blank\" rel=\"noopener\">mail@cl<span style=\"color: #ff0000;\">o<\/span>wnseidank.de<\/a><\/strong><\/span><\/p>\n\n\n\n<p class=\"has-text-align-center\"><span style=\"color: #800080;\">Preis auf Nachfrage, je nach Aufwand und Entfernung unterschiedlich<\/span><\/p>\n\n\n\n<h4 class=\"wp-block-heading\"><span style=\"color: #800080;\"><a style=\"color: #800080;\" href=\"https:\/\/www.nwzonline.de\/friesland\/bildung\/varel-buecherclown-in-varel-der-chef-kommt-als-clown-zurueck_a_50,3,1467377540.html\" target=\"_blank\" rel=\"noopener\">Mehr zum B\u00fccherCl<span style=\"color: #ff0000;\">o<\/span>wn auch hier in der NWZ<\/a><\/span><\/h4>\n\n\n\n<figure class=\"wp-block-image\"><\/figure>\n\n\n\n<figure class=\"wp-block-image\"><img decoding=\"async\" loading=\"lazy\" width=\"300\" height=\"212\" src=\"https:\/\/clownseidank.de\/wp-content\/uploads\/2019\/06\/B\u00fccherclownKIBUM2018-1-300x212.png\" alt=\"\" class=\"wp-image-681\" srcset=\"https:\/\/clownseidank.de\/wp-content\/uploads\/2019\/06\/B\u00fccherclownKIBUM2018-1-300x212.png 300w, https:\/\/clownseidank.de\/wp-content\/uploads\/2019\/06\/B\u00fccherclownKIBUM2018-1-768x543.png 768w, https:\/\/clownseidank.de\/wp-content\/uploads\/2019\/06\/B\u00fccherclownKIBUM2018-1-1024x724.png 1024w, https:\/\/clownseidank.de\/wp-content\/uploads\/2019\/06\/B\u00fccherclownKIBUM2018-1-1870x1322.png 1870w, https:\/\/clownseidank.de\/wp-content\/uploads\/2019\/06\/B\u00fccherclownKIBUM2018-1-400x283.png 400w, https:\/\/clownseidank.de\/wp-content\/uploads\/2019\/06\/B\u00fccherclownKIBUM2018-1-800x566.png 800w\" sizes=\"(max-width: 300px) 100vw, 300px\" \/><\/figure>\n\n\n\n<figure><\/figure>\n\n\n\n<figure><\/figure>\n\n\n\n<figure><\/figure>\n\n\n\n<figure><\/figure>\n\n\n\n<h4 class=\"wp-block-heading\"><span style=\"color: #800080;\">B\u00fccherCl<span style=\"color: #ff0000;\">o<\/span>wn als Bilderbuch <\/span><\/h4>\n\n\n\n<p class=\"has-text-align-center\"><span style=\"color: #800080;\">Der B\u00fccherCl<\/span><span style=\"color: #ff0000;\">o<\/span><span style=\"color: #800080;\">wn &#8211; Eine Reise in die Welt der B\u00fccher<\/span><br>\n<span style=\"color: #800080;\">Jetzt \u00fcberall im Handel erh\u00e4ltlich<br>\n<\/span><span style=\"color: #800080;\">Mehr Infos<span style=\"color: #ff0000;\"> <a style=\"color: #ff0000;\" href=\"https:\/\/clownseidank.de\/index.php\/bilderbuch\/\" target=\"_blank\" rel=\"noopener\">hier<\/a><\/span> <\/span> <img decoding=\"async\" loading=\"lazy\" class=\"alignnone wp-image-851 size-medium\" src=\"https:\/\/clownseidank.de\/wp-content\/uploads\/2019\/10\/BuchCover-300x293.gif\" alt=\"\" width=\"300\" height=\"293\"><\/p>\n\n\n\n<h4 class=\"wp-block-heading\"><span style=\"color: #800080;\">B\u00fccherCl<span style=\"color: #ff0000;\">o<\/span>wn f\u00fcr Erwachsene<\/span><\/h4>\n\n\n\n<p class=\"has-text-align-center\"><span style=\"color: #800080;\">Unter dem Motto &#8222;leselustich&#8220; plane ich einen Spaziergang durch die Literatur mit viel Poesie und Lyrik.<\/span><br>\n<span style=\"color: #800080;\"><em>Wer reimt so sp\u00e4t, heut nicht f\u00fcrs Kind, <\/em><\/span> <span style=\"color: #800080;\"><em>es ist der B\u00fccherclown der Verse<\/em> spinnt.<\/span><br>\n<span style=\"color: #800080;\">Und wieder immer und \u00fcberall und auch bei Dir.<\/span><\/p>\n","protected":false},"excerpt":{"rendered":"<p>Der B\u00fccherClown &#8211; Eine Reise in die Welt der B\u00fccher Komm mit mir, dem B\u00fccherClown Armin auf eine lustige und spannende Reise in die Welt der B\u00fccher. gro\u00df und KLEIN sind eingeladen dabei zu sein, wenn ich farbenfrohe, wohlriechende, k\u00f6stliche, musikalische, tierreiche und traumhafte Buchseiten mit viel Lachen, Tanzen und Singen \u00f6ffne. Sei dabei, wenn [&hellip;]<\/p>\n","protected":false},"author":1,"featured_media":0,"parent":0,"menu_order":0,"comment_status":"closed","ping_status":"closed","template":"","meta":[],"_links":{"self":[{"href":"https:\/\/clownseidank.de\/index.php\/wp-json\/wp\/v2\/pages\/7"}],"collection":[{"href":"https:\/\/clownseidank.de\/index.php\/wp-json\/wp\/v2\/pages"}],"about":[{"href":"https:\/\/clownseidank.de\/index.php\/wp-json\/wp\/v2\/types\/page"}],"author":[{"embeddable":true,"href":"https:\/\/clownseidank.de\/index.php\/wp-json\/wp\/v2\/users\/1"}],"replies":[{"embeddable":true,"href":"https:\/\/clownseidank.de\/index.php\/wp-json\/wp\/v2\/comments?post=7"}],"version-history":[{"count":43,"href":"https:\/\/clownseidank.de\/index.php\/wp-json\/wp\/v2\/pages\/7\/revisions"}],"predecessor-version":[{"id":1854,"href":"https:\/\/clownseidank.de\/index.php\/wp-json\/wp\/v2\/pages\/7\/revisions\/1854"}],"wp:attachment":[{"href":"https:\/\/clownseidank.de\/index.php\/wp-json\/wp\/v2\/media?parent=7"}],"curies":[{"name":"wp","href":"https:\/\/api.w.org\/{rel}","templated":true}]}}